{"id":21,"date":"2019-12-10T17:08:04","date_gmt":"2019-12-10T17:08:04","guid":{"rendered":"http:\/\/www.jarvisuomenkylat.fi\/?page_id=21"},"modified":"2025-01-23T05:37:39","modified_gmt":"2025-01-23T05:37:39","slug":"kylakirje","status":"publish","type":"page","link":"https:\/\/www.jarvisuomenkylat.fi\/index.php\/yhdistys\/kylakirje\/","title":{"rendered":"Kyl\u00e4kirje"},"content":{"rendered":"\n<p>Uusin kyl\u00e4kirjeemme l\u00f6ytyy aina t\u00e4lt\u00e4 sivulta. Samainen kyl\u00e4kirje sek\u00e4 vanhemmat versiot ladattavina PDF-tiedostoina l\u00f6ytyv\u00e4t <strong><a href=\"#vanhat\">sivun alareunasta<\/a>.<\/strong> Voit tilata kyl\u00e4kirjeen s\u00e4hk\u00f6postiisi <a href=\"https:\/\/www.jarvisuomenkylat.fi\/index.php\/yhdistys\/kylakirje\/kylakirjeen-tilauslomake\/\" data-type=\"page\" data-id=\"608\" target=\"_blank\" rel=\"noreferrer noopener\">t\u00e4st\u00e4 linkist\u00e4.<\/a><\/p>\n\n\n\n<p><strong>J\u00e4rvi-Suomen kylien kyl\u00e4kirje 1 \/ 2025<\/strong><\/p>\n\n\n\n<p><strong>1. Etel\u00e4-Savon Vuoden 2025 Kyl\u00e4<br>2. J\u00e4rvi-Suomen kyl\u00e4t ry hallitus<br>3. Etel\u00e4-Savon Kyl\u00e4turvallisuus -valmisteluhanke&nbsp;<br>4. Kulttuurisis\u00e4lt\u00f6j\u00e4 tarjolla It\u00e4-Suomen kylille<br>5. Suomen Kyl\u00e4t ry:n kunta- ja aluevaaliohjelmat<br><br>1. Etel\u00e4-Savon Vuoden 2025 Kyl\u00e4<br><\/strong>Etel\u00e4-Savon Vuoden 2025 Kyl\u00e4n haku on nyt k\u00e4ynnistynyt. Vuoden Kyl\u00e4n valinnalla halutaan nostaa esiin kylien monipuolista toimintaa ja lis\u00e4t\u00e4 kyl\u00e4toiminnan tunnettavuutta sek\u00e4 saada hyvi\u00e4 esimerkkej\u00e4 kylien toiminnasta. Teemana on t\u00e4n\u00e4 vuonna <strong>osallistuva ja yhteisty\u00f6t\u00e4 tekev\u00e4 kyl\u00e4<\/strong>. Mit\u00e4 siis etsimme? Etsimme kyl\u00e4\u00e4, joka kehitt\u00e4\u00e4 kyl\u00e4n toimintaa osallisuuden ja yhteisty\u00f6n kautta. Kyl\u00e4 joka on l\u00f6yt\u00e4nyt oman tapansa vaikuttaa yksin ja yhdess\u00e4 muiden kanssa.<\/p>\n\n\n\n<p>Vuoden Kyl\u00e4 -kilpailun j\u00e4rjest\u00e4v\u00e4t yhteisty\u00f6ss\u00e4 J\u00e4rvi-Suomen kyl\u00e4t ry ja Etel\u00e4-Savon maakuntaliitto. Kilpailuun voi osallistua hakemuslomakkeella <a href=\"https:\/\/www.jarvisuomenkylat.fi\/index.php\/haussa-nyt\/vuoden-kyla\/\">t\u00e4st\u00e4 linkist\u00e4<\/a>.<br>Maakunnallisen kisan voittaja julkistetaan maakuntavaltuuston elokuun kokouksessa. Kilpailun voittaja osallistuu Suomen Kyl\u00e4t ry:n j\u00e4rjest\u00e4m\u00e4\u00e4n Suomen Vuoden Kyl\u00e4 -kilpailuun 2026.<br><br><strong>2. J\u00e4rvi-Suomen kyl\u00e4t ry:n hallitus<br><\/strong>J\u00e4rvi-Suomen kyl\u00e4t ry:n ensimm\u00e4inen kokous on pidetty ja hallitus on j\u00e4rjest\u00e4ytynyt seuraavasti:<br>Anne K\u00e4yhk\u00f6, Kerim\u00e4ki puheenjohtaja<br>Olavi Kiet\u00e4v\u00e4inen, Puumala varapuheenjoht.<br>Kristiina Asikainen, Rantasalmi<br>Hannamari Autio, Sulkava<br>Lassi Kousa, M\u00e4ntyharju<br>Anna-Mari K\u00e4yhk\u00f6, Savonranta<br>Anneli Pulkka, Hiukkajoki<br>Raimo Ruotsalainen, Suomenniemi<br>Kaija V\u00e4is\u00e4nen, Mikkeli<br>Varaj\u00e4senet<br>Sakari Sallinen, Oravi<br>Paula Lappi, Pieks\u00e4m\u00e4ki<br>Hallituksen ulkopuolisena sihteerin\u00e4 toimii kyl\u00e4asiamies Mervi Lintunen.<br>Yhteystiedot l\u00f6yd\u00e4t yhdistyksen internetsivulta <a href=\"https:\/\/www.jarvisuomenkylat.fi\/index.php\/yhdistys\/\">t\u00e4m\u00e4n linkin kautta<\/a>.<\/p>\n\n\n\n<p><strong>3. <\/strong><strong>Etel\u00e4-Savon Kyl\u00e4turvallisuus -valmisteluhanke<\/strong><strong>&nbsp;<br><\/strong>J\u00e4rvi-Suomen kyl\u00e4t ry on saanut rahoituksen Etel\u00e4-Savon kyl\u00e4turvallisuus -hankkeen valmisteluun. Hanke luo yhteisen toimintamallin kyl\u00e4turvallisuuden edist\u00e4miseksi. Se tuo yhteen viranomaiset, kunnat, kolmannen sektorin toimijat ja kyl\u00e4l\u00e4iset kehitt\u00e4m\u00e4\u00e4n<\/p>\n\n\n\n<p>Etel\u00e4-Savoon yhteist\u00e4 toimintamalli kyl\u00e4turvallisuusty\u00f6h\u00f6n. Tavoitteena on vahvistaa yhteisty\u00f6t\u00e4 ja parantaa turvallisuusosaamista.<br>Mukaan hankekumppaniksi on jo ilmoittautunut useita kyli\u00e4 eri puolilta Etel\u00e4-Savo. Mukaan p\u00e4\u00e4see viel\u00e4 ilmoittamalla 15.2. menness\u00e4 kiinnostuksesta kyl\u00e4asiamiehelle osallistumisesta s\u00e4hk\u00f6postilla tai puhelimitse. &nbsp;Mukaan ilmoittautuneille kylille toimitetaan t\u00e4m\u00e4n viikon aikana kyselylomake, jolla kar toitetaan sek\u00e4 tehtyj\u00e4 toimenpiteit\u00e4 ett\u00e4 toiveita tuleville toimenpiteille.<br><br>Jos saamme rahoituksen Etel\u00e4-Savon kyl\u00e4turvallisuus hankkeelle se tarkoittaa mukana oleville kylille hankkeen toteuttamia koulutuksia, kyselyit\u00e4, suunnitelmien tekoa, tapahtumia ja turvallisuustoiminnan pilotointia. Hankkeen toteuttamat toimenpiteet ovat kylille ilmaisia tai ne tuotetaan pienen omavastuun turvin. Lis\u00e4ksi mietimme yhdess\u00e4, miten kyl\u00e4nne turvallisuutta ja varautumista voitaisiin kehitt\u00e4\u00e4.<br><strong><br>4. Kulttuurisis\u00e4lt\u00f6j\u00e4 tarjolla kylille<br><\/strong>Etel\u00e4-Savon, Pohjois-Savon ja Pohjois-Karjalan kylill\u00e4 on mahdollisuus saada kulttuurisis\u00e4lt\u00f6\u00e4 oman kyl\u00e4n kyl\u00e4talolle tai muuhun kyl\u00e4nne kokoontumispaikkaan vuoden 2025 aikana! Kiertueen mahdollistaa Etel\u00e4-Savon, Pohjois-Savon ja Pohjois-Karjalan alueella toimiva Opetus- ja kulttuuriministeri\u00f6n rahoittama Kulttuuri It\u00e4\u00e4 -kehitt\u00e4misteht\u00e4v\u00e4 yhteisty\u00f6ss\u00e4 alueiden kyl\u00e4asiamiesten ja kylien yhdistysten kanssa.<\/p>\n\n\n\n<p>Kylill\u00e4 on mahdollisuus toivoa sis\u00e4lt\u00f6\u00e4 kolmesta eri vaihtoehdosta. Sis\u00e4lt\u00f6j\u00e4 tullaan toteuttamaan useampia yhden maakunnan alueella. Mik\u00e4li kiinnostus ylitt\u00e4\u00e4 hankkeen budjetin, tuotetta on mahdollista ostaa my\u00f6s kyl\u00e4yhdistyksen omakustanteena. Kylien on ilmoitettava kiinnostuksensa palveluun 15.2.2025 menness\u00e4. Mukaan voidaan ottaa vain rajallinen m\u00e4\u00e4r\u00e4 kyli\u00e4 ja valinnat tehd\u00e4\u00e4n ilmoittautumisj\u00e4rjestyksess\u00e4 alueellinen yhdenvertaisuus huomioiden.<br><br>Kulttuuri It\u00e4\u00e4 -kehitt\u00e4misteht\u00e4v\u00e4 vastaa taiteilijoiden palkkioista ja matkakustannuksista. Kylien yhdistysten vastuulle j\u00e4\u00e4 tapahtuman k\u00e4yt\u00e4nn\u00f6n j\u00e4rjestelyt ja paikallinen viestint\u00e4 tapahtumasta. Kiertue toteutetaan aikav\u00e4lill\u00e4 15.3. \u2013 30.11.2025.<br><br>Kulttuurisis\u00e4ll\u00f6t ovat seuraavat:<br>&#8211; Perhetanssit<br>&#8211; Melodiset runokahvit<br>&#8211; Lintuveistos -ty\u00f6paja<br>Tarkemmin sis\u00e4lt\u00f6ihin voit tutustua <a href=\"https:\/\/www.jarvisuomenkylat.fi\/wp-content\/uploads\/2025\/01\/Kulttuuria-Ita-Suomen-kylille.pdf\">t\u00e4m\u00e4n linkin kautta<\/a>.<br>Toiveen p\u00e4\u00e4set ilmoittamaan 15.2. menness\u00e4 t\u00e4m\u00e4n linkin kautta:<br><a href=\"https:\/\/asiointi.kuopio.fi\/elomake3\/lomakkeet\/5171\/lomake.html\">https:\/\/asiointi.kuopio.fi\/elomake3\/lomakkeet\/5171\/lomake.html<\/a><br><strong><br>5. Suomen Kyl\u00e4t ry:n kunta- ja aluevaaliohjelmat<\/strong><\/p>\n\n\n\n<p>Suomen Kyl\u00e4t ry:n vahvistaa kyl\u00e4- ja korttelitoimintaa, monipaikkaisuutta sek\u00e4 Leader-ryhmien edun tekemist\u00e4 ja l\u00e4hidemokratian puolustamista. Suomen Kyl\u00e4t ry vaikuttaa yli kieli- ja puoluerajojen ja teemme yhteisty\u00f6t\u00e4 kaikkien eduskuntapuolueiden kanssa.<br><br>Tulevia kunta- ja aluevaaleja varten yhdistys on laatinut kunta- ja aluevaaliohjelmat edist\u00e4m\u00e4\u00e4n kylien kannalta keskeisten asioiden nostamista esiin p\u00e4\u00e4t\u00f6ksenteossa.<\/p>\n\n\n\n<p>Voit ladata ohjelmat k\u00e4ytt\u00f6\u00f6si Suomen Kyl\u00e4t ry:n sivuilta alla olevien linkkien kautta:<br><a href=\"https:\/\/suomenkylat.fi\/content\/uploads\/2024\/11\/kuntavaalit_web-1.pdf\">Kuntavaaliohjelma<\/a><br><a href=\"https:\/\/suomenkylat.fi\/content\/uploads\/2024\/11\/aluevaalit_web-2.pdf\">Aluevaaliohjelma<\/a><br><br>Nostetaan vaaleissa keskusteluun kylien toiminnan kannalta keskeisi\u00e4 asioista ja vaikutetaan p\u00e4\u00e4t\u00f6ksentekoon tulevaisuudessa.<\/p>\n\n\n\n<p><\/p>\n\n\n\n<p><strong><a name=\"vanhat\">VANHAT KYL\u00c4KIRJEET PDF-TIEDOSTOINA<\/a><\/strong><\/p>\n\n\n\n<p>2025<br><a href=\"https:\/\/www.jarvisuomenkylat.fi\/wp-content\/uploads\/2025\/01\/Jasky-kylakirje-1_2025.pdf\" data-type=\"link\" data-id=\"https:\/\/www.jarvisuomenkylat.fi\/wp-content\/uploads\/2025\/01\/Jasky-kylakirje-1_2025.pdf\">Kyl\u00e4kirja 1 \/ 2025<\/a><\/p>\n\n\n\n<p>2024<br><a href=\"https:\/\/www.jarvisuomenkylat.fi\/wp-content\/uploads\/2025\/01\/Jasky-kylakirje-3_2024.pdf\" data-type=\"link\" data-id=\"https:\/\/www.jarvisuomenkylat.fi\/wp-content\/uploads\/2025\/01\/Jasky-kylakirje-3_2024.pdf\">Kyl\u00e4kirje 3 \/ 2024<\/a><br><a href=\"https:\/\/www.jarvisuomenkylat.fi\/wp-content\/uploads\/2025\/01\/Jasky-kylakirje-2_2024.pdf\" data-type=\"link\" data-id=\"https:\/\/www.jarvisuomenkylat.fi\/wp-content\/uploads\/2025\/01\/Jasky-kylakirje-2_2024.pdf\">Kyl\u00e4kirje 2 \/ 2024<\/a><br><a href=\"https:\/\/www.jarvisuomenkylat.fi\/wp-content\/uploads\/2024\/07\/Jasky-kylakirje-1_2024.pdf\" data-type=\"URL\" data-id=\"https:\/\/www.jarvisuomenkylat.fi\/wp-content\/uploads\/2023\/03\/Jasky-kylakirje-1_2023.pdf\" target=\"_blank\" rel=\"noreferrer noopener\">Kyl\u00e4kirje 1 \/ 2024<\/a><\/p>\n\n\n\n<p>2023<br><a href=\"https:\/\/www.jarvisuomenkylat.fi\/wp-content\/uploads\/2023\/03\/Jasky-kylakirje-1_2023.pdf\" data-type=\"URL\" data-id=\"https:\/\/www.jarvisuomenkylat.fi\/wp-content\/uploads\/2023\/03\/Jasky-kylakirje-1_2023.pdf\" target=\"_blank\" rel=\"noreferrer noopener\">Kyl\u00e4kirje 1 \/ 2023<\/a><br><a href=\"https:\/\/www.jarvisuomenkylat.fi\/wp-content\/uploads\/2023\/03\/Jasky-kylakirje-2_2023.pdf\" data-type=\"URL\" data-id=\"https:\/\/www.jarvisuomenkylat.fi\/wp-content\/uploads\/2023\/03\/Jasky-kylakirje-2_2023.pdf\" target=\"_blank\" rel=\"noreferrer noopener\">Kyl\u00e4kirje 2 \/ 2023<\/a><\/p>\n\n\n\n<p>2022<br><a href=\"https:\/\/www.jarvisuomenkylat.fi\/wp-content\/uploads\/2022\/11\/Jasky-kylakirje-5_2022.pdf\" data-type=\"URL\" data-id=\"https:\/\/www.jarvisuomenkylat.fi\/wp-content\/uploads\/2022\/11\/Jasky-kylakirje-5_2022.pdf\" target=\"_blank\" rel=\"noreferrer noopener\">Kyl\u00e4kirje 5 \/ 2022<\/a><br><a href=\"https:\/\/www.jarvisuomenkylat.fi\/wp-content\/uploads\/2022\/11\/Jasky-kylakirje-4_2022.pdf\" data-type=\"URL\" data-id=\"https:\/\/www.jarvisuomenkylat.fi\/wp-content\/uploads\/2022\/11\/Jasky-kylakirje-4_2022.pdf\" target=\"_blank\" rel=\"noreferrer noopener\">Kyl\u00e4kirje 4 \/ 2022<\/a><br><a href=\"https:\/\/www.jarvisuomenkylat.fi\/wp-content\/uploads\/2022\/06\/Jasky-kylakirje-3_2022.pdf\" target=\"_blank\" rel=\"noreferrer noopener\">Kyl\u00e4kirje 3 \/ 2022<\/a><br><a href=\"https:\/\/www.jarvisuomenkylat.fi\/wp-content\/uploads\/2022\/06\/Jasky-kylakirje-2_2022.pdf\" target=\"_blank\" rel=\"noreferrer noopener\">Kyl\u00e4kirje 2 \/ 2022<\/a><br><a href=\"https:\/\/www.jarvisuomenkylat.fi\/wp-content\/uploads\/2022\/02\/Jasky-kylakirje-1_2022.pdf\" data-type=\"URL\" data-id=\"https:\/\/www.jarvisuomenkylat.fi\/wp-content\/uploads\/2022\/02\/Jasky-kylakirje-1_2022.pdf\" target=\"_blank\" rel=\"noreferrer noopener\">Kyl\u00e4kirje 1 \/ 2022<\/a><\/p>\n\n\n\n<p>2021<br><a href=\"https:\/\/www.jarvisuomenkylat.fi\/wp-content\/uploads\/2021\/11\/Jasky-kylakirje-5_2021.pdf\" data-type=\"URL\" data-id=\"https:\/\/www.jarvisuomenkylat.fi\/wp-content\/uploads\/2021\/11\/Jasky-kylakirje-5_2021.pdf\">Kyl\u00e4kirje 5 \/ 2021<\/a><br><a href=\"https:\/\/www.jarvisuomenkylat.fi\/wp-content\/uploads\/2021\/11\/Jasky-kylakirje-4_2021.pdf\" data-type=\"URL\" data-id=\"https:\/\/www.jarvisuomenkylat.fi\/wp-content\/uploads\/2021\/11\/Jasky-kylakirje-4_2021.pdf\">Kyl\u00e4kirja 4 \/ 2021<\/a><br><a href=\"https:\/\/www.jarvisuomenkylat.fi\/wp-content\/uploads\/2021\/11\/Jasky-kylakirje-3_2021.pdf\" data-type=\"URL\" data-id=\"https:\/\/www.jarvisuomenkylat.fi\/wp-content\/uploads\/2021\/11\/Jasky-kylakirje-3_2021.pdf\">Kyl\u00e4kirje 3 \/ 2021<\/a><br><a href=\"https:\/\/www.jarvisuomenkylat.fi\/wp-content\/uploads\/2019\/12\/Jasky-kylakirje-2_2021.pdf\">Kyl\u00e4kirje 2 \/ 2021<\/a><br><a href=\"https:\/\/www.jarvisuomenkylat.fi\/wp-content\/uploads\/2019\/12\/Jasky-kylakirje-1_2021.pdf\" data-type=\"URL\" data-id=\"https:\/\/www.jarvisuomenkylat.fi\/wp-content\/uploads\/2019\/12\/Jasky-kylakirje-1_2021.pdf\">Kyl\u00e4kirje 1 \/ 2021<\/a><\/p>\n\n\n\n<p>2020<br><a href=\"https:\/\/www.jarvisuomenkylat.fi\/wp-content\/uploads\/2019\/12\/Jasky-kylakirje-6_2020.pdf\">Kyl\u00e4kirje 6 \/ 2020<\/a><br><a href=\"https:\/\/www.jarvisuomenkylat.fi\/wp-content\/uploads\/2019\/12\/Jasky-kylakirje-5_2020.pdf\" data-type=\"URL\" data-id=\"https:\/\/www.jarvisuomenkylat.fi\/wp-content\/uploads\/2019\/12\/Jasky-kylakirje-5_2020.pdf\">Kyl\u00e4kirje 5 \/ 2020<\/a><br><a rel=\"noreferrer noopener\" href=\"https:\/\/www.jarvisuomenkylat.fi\/wp-content\/uploads\/2019\/12\/Jasky-kylakirje-4_2020.pdf\" target=\"_blank\">Kyl\u00e4kirje 4 \/ 2020<\/a><br><a rel=\"noreferrer noopener\" href=\"https:\/\/www.jarvisuomenkylat.fi\/wp-content\/uploads\/2019\/12\/Jasky-kylakirje-3_2020.pdf\" target=\"_blank\">Kyl\u00e4kirje 3 \/ 2020<\/a><br><a rel=\"noreferrer noopener\" aria-label=\"Kyl\u00e4kirje 2 \/ 2020 (avautuu uudessa v\u00e4lilehdess\u00e4)\" href=\"https:\/\/www.jarvisuomenkylat.fi\/wp-content\/uploads\/2019\/12\/J\u00e4sky-kyl\u00e4kirje-2_2020.pdf\" target=\"_blank\">Kyl\u00e4kirje 2 \/ 2020<\/a><br><a rel=\"noreferrer noopener\" aria-label=\"Kyl\u00e4kirje 1 \/ 2020 (avautuu uudessa v\u00e4lilehdess\u00e4)\" href=\"https:\/\/www.jarvisuomenkylat.fi\/wp-content\/uploads\/2019\/12\/J\u00e4sky-kyl\u00e4kirje-1_2020.pdf\" target=\"_blank\">Kyl\u00e4kirje 1 \/ 2020<\/a><\/p>\n\n\n\n<p>2019<br><a rel=\"noreferrer noopener\" aria-label=\"Kyl\u00e4kirje 2 \/ 2019\n (avautuu uudessa v\u00e4lilehdess\u00e4)\" href=\"https:\/\/www.jarvisuomenkylat.fi\/wp-content\/uploads\/2019\/12\/J\u00e4sky-kyl\u00e4kirje-2_2019.pdf\" target=\"_blank\">Kyl\u00e4kirje 2 \/ 2019<br><\/a><a rel=\"noreferrer noopener\" aria-label=\"Kyl\u00e4kirje 1 \/ 2019 (avautuu uudessa v\u00e4lilehdess\u00e4)\" href=\"https:\/\/www.jarvisuomenkylat.fi\/wp-content\/uploads\/2019\/12\/J\u00e4sky-kyl\u00e4kirje-1_2019.pdf\" target=\"_blank\">Kyl\u00e4kirje 1 \/ 2019<\/a><\/p>\n\n\n\n<p class=\"has-text-align-center\">  <a href=\"http:\/\/www.jarvisuomenkylat.fi\/index.php\/yhdistys\/\">&#8211; Takaisin yhdistys-sivulle &#8211;<\/a>  <\/p>\n","protected":false},"excerpt":{"rendered":"<p>Uusin kyl\u00e4kirjeemme l\u00f6ytyy aina t\u00e4lt\u00e4 sivulta. Samainen kyl\u00e4kirje sek\u00e4 vanhemmat versiot ladattavina PDF-tiedostoina l\u00f6ytyv\u00e4t sivun alareunasta. Voit tilata kyl\u00e4kirjeen s\u00e4hk\u00f6postiisi t\u00e4st\u00e4 linkist\u00e4. J\u00e4rvi-Suomen kylien kyl\u00e4kirje 1 \/ 2025 1. Etel\u00e4-Savon Vuoden 2025 Kyl\u00e42. J\u00e4rvi-Suomen kyl\u00e4t ry hallitus3. Etel\u00e4-Savon Kyl\u00e4turvallisuus -valmisteluhanke&nbsp;4. Kulttuurisis\u00e4lt\u00f6j\u00e4 tarjolla It\u00e4-Suomen kylille5. Suomen Kyl\u00e4t ry:n kunta- ja aluevaaliohjelmat 1. Etel\u00e4-Savon Vuoden 2025 Kyl\u00e4Etel\u00e4-Savon [&hellip;]<\/p>\n","protected":false},"author":1,"featured_media":0,"parent":10,"menu_order":0,"comment_status":"closed","ping_status":"closed","template":"","meta":{"footnotes":""},"class_list":["post-21","page","type-page","status-publish","czr-hentry"],"_links":{"self":[{"href":"https:\/\/www.jarvisuomenkylat.fi\/index.php\/wp-json\/wp\/v2\/pages\/21","targetHints":{"allow":["GET"]}}],"collection":[{"href":"https:\/\/www.jarvisuomenkylat.fi\/index.php\/wp-json\/wp\/v2\/pages"}],"about":[{"href":"https:\/\/www.jarvisuomenkylat.fi\/index.php\/wp-json\/wp\/v2\/types\/page"}],"author":[{"embeddable":true,"href":"https:\/\/www.jarvisuomenkylat.fi\/index.php\/wp-json\/wp\/v2\/users\/1"}],"replies":[{"embeddable":true,"href":"https:\/\/www.jarvisuomenkylat.fi\/index.php\/wp-json\/wp\/v2\/comments?post=21"}],"version-history":[{"count":54,"href":"https:\/\/www.jarvisuomenkylat.fi\/index.php\/wp-json\/wp\/v2\/pages\/21\/revisions"}],"predecessor-version":[{"id":1105,"href":"https:\/\/www.jarvisuomenkylat.fi\/index.php\/wp-json\/wp\/v2\/pages\/21\/revisions\/1105"}],"up":[{"embeddable":true,"href":"https:\/\/www.jarvisuomenkylat.fi\/index.php\/wp-json\/wp\/v2\/pages\/10"}],"wp:attachment":[{"href":"https:\/\/www.jarvisuomenkylat.fi\/index.php\/wp-json\/wp\/v2\/media?parent=21"}],"curies":[{"name":"wp","href":"https:\/\/api.w.org\/{rel}","templated":true}]}}